{"id":3589,"date":"2020-07-03T15:23:03","date_gmt":"2020-07-03T15:23:03","guid":{"rendered":"https:\/\/www.isocfoundation.org\/plan-daction-2020\/"},"modified":"2020-07-03T15:52:34","modified_gmt":"2020-07-03T15:52:34","slug":"plan-daction-2020","status":"publish","type":"page","link":"https:\/\/www.isocfoundation.org\/fr\/plan-daction\/plan-daction-2020\/","title":{"rendered":"Plan d&rsquo;Action 2020"},"content":{"rendered":"\n<div class=\"wp-block-columns alignwide is-layout-flex wp-container-core-columns-is-layout-9d6595d7 wp-block-columns-is-layout-flex\">\n<div class=\"wp-block-column is-layout-flow wp-block-column-is-layout-flow\" style=\"flex-basis:80%\">\n<p>L&rsquo;<a href=\"https:\/\/www.internetsociety.org\/\">Internet Society<\/a>&nbsp;a cr\u00e9\u00e9 la Fondation Internet Society (la Fondation) pour financer des projets qui am\u00e9lioreront la qualit\u00e9 de vie des populations du monde entier. La Fondation octroie des bourses&nbsp;aux chapitres de l&rsquo;Internet Society, aux&nbsp;groupes d&rsquo;int\u00e9r\u00eat sp\u00e9cial ainsi qu&rsquo;\u00e0 des particuliers et \u00e0 des organisations \u00e0 but non lucratif qui se consacrent \u00e0 offrir un acc\u00e8s universel \u00e0 un Internet ouvert, globalement connect\u00e9, s\u00e9curis\u00e9 et digne de confiance. Elle a \u00e9t\u00e9 lanc\u00e9e au premier trimestre 2019.<\/p>\n<\/div>\n\n\n\n<div class=\"wp-block-column is-layout-flow wp-block-column-is-layout-flow\" style=\"flex-basis:20%\">\n<div class=\"wp-block-button\"><a class=\"wp-block-button__link has-background\" href=\"https:\/\/www.isocfoundation.org\/wp-content\/uploads\/2019\/12\/2020_ISOC_Foundation_Action_Plan.pdf\" style=\"background-color:#2b72d6\">T\u00e9l\u00e9charger<br> le plan d&rsquo;action 2020<\/a><\/div>\n<\/div>\n<\/div>\n\n\n\n<p>Pour s&rsquo;appuyer sur les r\u00e9ussites de 2019, la Fondation de l&rsquo;Internet Society a pr\u00e9par\u00e9 un plan d&rsquo;action 2020 qui comprend notre objectif, nos strat\u00e9gies et les domaines de d\u00e9veloppement pr\u00e9vus. Ces domaines de d\u00e9veloppement comprennent : les domaines de programmes, l&rsquo;image de marque, les communications, la technologie, le recrutement et une strat\u00e9gie de formation.<\/p>\n\n\n\n<div style=\"height:20px\" aria-hidden=\"true\" class=\"wp-block-spacer\"><\/div>\n\n\n\n<div class=\"wp-block-cover alignfull has-background-dim\" style=\"background-image:url(https:\/\/www.isocfoundation.org\/wp-content\/uploads\/2019\/02\/foundation-nepal-telemedicine.jpg)\"><div class=\"wp-block-cover__inner-container is-layout-flow wp-block-cover-is-layout-flow\">\n<p class=\"has-text-align-center has-large-font-size\"><strong>Objectif<\/strong><br>Impact positif sur l&rsquo;humanit\u00e9 gr\u00e2ce \u00e0 un Internet universel ouvert, connect\u00e9 au monde entier, s\u00e9curis\u00e9 et digne de confiance<\/p>\n<\/div><\/div>\n\n\n\n<div style=\"height:20px\" aria-hidden=\"true\" class=\"wp-block-spacer\"><\/div>\n\n\n\n<div class=\"wp-block-group alignfull has-background\" style=\"background-color:#2b72d6\"><div class=\"wp-block-group__inner-container is-layout-flow wp-block-group-is-layout-flow\">\n<div class=\"wp-block-columns alignfull is-layout-flex wp-container-core-columns-is-layout-9d6595d7 wp-block-columns-is-layout-flex\">\n<div class=\"wp-block-column is-layout-flow wp-block-column-is-layout-flow\" style=\"flex-basis:37.5%\">\n<h2 class=\"has-text-color wp-block-heading\" style=\"color:#ffffff\">Strat\u00e9gies<\/h2>\n<\/div>\n\n\n\n<div class=\"wp-block-column is-layout-flow wp-block-column-is-layout-flow\" style=\"flex-basis:62.5%\">\n<ul class=\"wp-block-list\"><li>Pr\u00e9senter et amplifier la marque de la Fondation en communiquant le r\u00f4le et la\u00a0port\u00e9e de l&rsquo;objectif et de la philosophie de la Fondation<\/li><li>Informer les parties prenantes des opportunit\u00e9s de financement de la Fondation et solliciter des demandes de subventions admissibles<\/li><li>Par le biais d&rsquo;un processus d&rsquo;examen transparent et ind\u00e9pendant, attribuer un financement \u00e0 un portefeuille mondial d&rsquo;organisations caritatives et de particuliers\u00a0travaillant dans les domaines de programmes de la Fondation ainsi qu&rsquo;aux chapitres et aux groupes d&rsquo;int\u00e9r\u00eat sp\u00e9cial (SIG) de l&rsquo;Internet Society\u00a0(ISOC)<\/li><li>Mettre en place un syst\u00e8me permettant de mesurer l&rsquo;impact du financement<\/li><\/ul>\n\n\n\n<p><\/p>\n<\/div>\n<\/div>\n<\/div><\/div>\n\n\n\n<div class=\"wp-block-group\"><div class=\"wp-block-group__inner-container is-layout-flow wp-block-group-is-layout-flow\">\n<div style=\"height:20px\" aria-hidden=\"true\" class=\"wp-block-spacer\"><\/div>\n\n\n\n<h2 class=\"has-text-color has-text-align-center wp-block-heading\" style=\"color:#02837d\">Domaines de d\u00e9veloppement pr\u00e9vus<\/h2>\n\n\n\n<p>The\r\nFoundation is committed to continuing and\/or launching all of the five pre-determined\r\nProgram Areas which include: <\/p>\n\n\n\n<ol class=\"wp-block-list\" type=\"1\"><li>Financement des chapitres &#8211; Petites, moyennes et grandes bourses\u00a0Beyond the Net pour les chapitres et SIG<\/li><li>Renforcement des capacit\u00e9s communautaires\u00a0&#8211; baptis\u00e9 SCILLS (Strengthening Communities \/ Improving Lives and Livelihoods, renforcer les communaut\u00e9s \/ am\u00e9liorer les vies et les moyens de subsistance)<\/li><li>Programme d&rsquo;intervention d&rsquo;urgence : COVID-19<\/li><li>Recherche<\/li><li>Innovation<\/li><li>Catastrophe<\/li><\/ol>\n\n\n\n<div style=\"height:20px\" aria-hidden=\"true\" class=\"wp-block-spacer\"><\/div>\n<\/div><\/div>\n\n\n\n<div class=\"wp-block-group alignwide has-background\" style=\"background-color:#cfd9e6\"><div class=\"wp-block-group__inner-container is-layout-flow wp-block-group-is-layout-flow\">\n<div class=\"wp-block-columns alignwide is-layout-flex wp-container-core-columns-is-layout-9d6595d7 wp-block-columns-is-layout-flex\">\n<div class=\"wp-block-column is-layout-flow wp-block-column-is-layout-flow\" style=\"flex-basis:33.33%\">\n<h2 class=\"wp-block-heading\"><strong>Financement de chapitre local<\/strong><\/h2>\n<\/div>\n\n\n\n<div class=\"wp-block-column is-layout-flow wp-block-column-is-layout-flow\" style=\"flex-basis:66.66%\">\n<p>Les programmes de petites, moyennes et grandes bourses de&nbsp;<strong>financement de chapitre \/ SIG Beyond&nbsp;the&nbsp;Net<\/strong>&nbsp;se poursuivront de mani\u00e8re similaire aux ann\u00e9es pr\u00e9c\u00e9dentes. &nbsp;Ils fonctionnent depuis plus de dix ans.<\/p>\n\n\n\n<p>Les&nbsp;bourses Beyond&nbsp;the&nbsp;Net sont r\u00e9serv\u00e9es aux Chapitres et aux SIG de l&rsquo;Internet Society&nbsp;ayant des id\u00e9es innovantes qui contribuent \u00e0 l&rsquo;autonomisation des individus par le biais de projets \u00e0 impact local.&nbsp; Les projets :<\/p>\n\n\n\n<ul class=\"wp-block-list\"><li>Renforcer l&rsquo;impact de la mission et des initiatives mondiales de l&rsquo;Internet Society\u00a0par le biais d&rsquo;activit\u00e9s locales compl\u00e9mentaires<\/li><li>Contribuer au d\u00e9veloppement du chapitre et de la communaut\u00e9\u00a0locale<\/li><li>Mobiliser les membres et les responsables de\u00a0chapitres autour d&rsquo;une activit\u00e9 commune<\/li><li>\u00c9tablir des relations et des partenariats\u00a0au niveau local ou renforcer ceux qui existent.<\/li><\/ul>\n<\/div>\n<\/div>\n<\/div><\/div>\n\n\n\n<div class=\"wp-block-columns is-layout-flex wp-container-core-columns-is-layout-9d6595d7 wp-block-columns-is-layout-flex\">\n<div class=\"wp-block-column is-layout-flow wp-block-column-is-layout-flow\" style=\"flex-basis:33.33%\">\n<h2 class=\"wp-block-heading\"><strong>Programme d&rsquo;intervention d&rsquo;urgence : COVID-19<\/strong><\/h2>\n<\/div>\n\n\n\n<div class=\"wp-block-column is-layout-flow wp-block-column-is-layout-flow\" style=\"flex-basis:66.66%\">\n<p>Notre programme d&rsquo;intervention d&rsquo;urgence offrira un financement aux organisations travaillant sur des projets qui utilisent Internet pour am\u00e9liorer la vie pendant ou en r\u00e9ponse \u00e0 une situation d&rsquo;urgence. En 2020, la Fondation se concentrera sur des projets qui r\u00e9pondent \u00e0 la pand\u00e9mie de COVID-19, \u00e0 la fois au cours de la p\u00e9riode imm\u00e9diate de la crise, mais aussi en anticipant les r\u00e9ponses \u00e0 l&rsquo;in\u00e9vitable \u00ab deuxi\u00e8me vague \u00bb en fin d&rsquo;ann\u00e9e ou en 2021. &nbsp;<\/p>\n\n\n\n<p>Objectifs du programme :<\/p>\n\n\n\n<ul class=\"wp-block-list\"><li>Fournir un soutien urgent pour produire des r\u00e9sultats positifs durables en r\u00e9ponse \u00e0 une urgence r\u00e9gionale ou mondiale<\/li><li>Contribuer au succ\u00e8s des initiatives Internet existantes ou contribuer \u00e0 en cr\u00e9er de nouvelles qui encouragent la r\u00e9silience \u00e0 long terme&nbsp;<\/li><\/ul>\n\n\n\n<p>La Fondation s&rsquo;est engag\u00e9e \u00e0 travailler avec des organisations qui prennent des solutions techniques existantes reposant sur Internet et les appliquent aux r\u00e9ponses au COVID-19, ou qui pivotent de leurs activit\u00e9s \u00ab habituelles \u00bb pour cr\u00e9er de nouveaux projets ou des solutions techniques retravaill\u00e9es en r\u00e9ponse \u00e0 la pand\u00e9mie. En savoir plus.<\/p>\n<\/div>\n<\/div>\n\n\n\n<div style=\"height:20px\" aria-hidden=\"true\" class=\"wp-block-spacer\"><\/div>\n\n\n\n<div class=\"wp-block-columns alignwide is-layout-flex wp-container-core-columns-is-layout-9d6595d7 wp-block-columns-is-layout-flex\">\n<div class=\"wp-block-column is-layout-flow wp-block-column-is-layout-flow\" style=\"flex-basis:33.33%\">\n<h2 class=\"wp-block-heading\"><strong>Renforcement des capacit\u00e9s communautaires<\/strong><\/h2>\n<\/div>\n\n\n\n<div class=\"wp-block-column is-layout-flow wp-block-column-is-layout-flow\" style=\"flex-basis:66.66%\">\n<p>Jusqu&rsquo;ici, le renforcement des capacit\u00e9s communautaires de la Fondation \u00e9tait d\u00e9fini comme<em>&nbsp;le soutien \u00e0 des initiatives plus larges qui am\u00e9liorent l&rsquo;acc\u00e8s \u00e0&nbsp;Internet et comblent le foss\u00e9 des opportunit\u00e9s num\u00e9riques.<\/em><\/p>\n\n\n\n<p>Apr\u00e8s de nombreux d\u00e9bats relatifs&nbsp;\u00e0 cette d\u00e9finition et \u00e0 l&rsquo;identification des besoins et des lacunes, la Fondation d\u00e9finira d\u00e9sormais son programme de renforcement des capacit\u00e9s communautaires&nbsp;<em>comme<\/em>&nbsp;<em>un objectif de renforcement des communaut\u00e9s par le biais du d\u00e9veloppement des comp\u00e9tences pour une utilisation et un acc\u00e8s \u00e0 Internet plus faciles et plus efficaces.<\/em>&nbsp;La Fondation annoncera ainsi un effort&nbsp;sur le financement des organisations \u00e0 but non lucratif qui se consacrent par exemple \u00e0 :<\/p>\n\n\n\n<ul class=\"wp-block-list\"><li>La connaissance d&rsquo;Internet et de ses avantages potentiels dans les communaut\u00e9s (potentiellement celles r\u00e9cemment connect\u00e9es)<\/li><li>Les comp\u00e9tences en litt\u00e9ratie num\u00e9rique (et les capacit\u00e9s globales des utilisateurs) et les incitations au sein des populations non-connect\u00e9es<\/li><li>Les donn\u00e9es dans les langues locales<\/li><li>Les donn\u00e9es en ligne accessibles et&nbsp;culturellement pertinentes pour les habitants&nbsp;d&rsquo;une r\u00e9gion ou d&rsquo;une&nbsp;communaut\u00e9<\/li><li>La capacit\u00e9 des communaut\u00e9s \u00e0 fournir un acc\u00e8s plus facile aux plates-formes disponibles<\/li><li>La conscience de l&rsquo;importance des outils disponibles pour prot\u00e9ger les communaut\u00e9s utilisant Internet&nbsp;face aux risques en mati\u00e8re de confidentialit\u00e9 et de s\u00e9curit\u00e9.<\/li><\/ul>\n\n\n\n<p>Nous partons de l&rsquo;hypoth\u00e8se que les programmes qui seront envisag\u00e9s fonctionnent d\u00e9j\u00e0 dans un environnement d&rsquo;infrastructure stable et \u00e9tabli.<\/p>\n\n\n\n<p>En d\u00e9finissant le renforcement des capacit\u00e9s par les points r\u00e9f\u00e9renc\u00e9s ci-dessus, ce domaine de programme Renforcement des capacit\u00e9s communautaires sera rebaptis\u00e9&nbsp;<strong>programme de bourses&nbsp;SCILLS (Strengthening Communities\/Improving Lives and Livelihoods, renforcer les communaut\u00e9s\/am\u00e9liorer les vies et les moyens de subsistance)<\/strong>&nbsp;de la Fondation de l&rsquo;Internet Society<\/p>\n\n\n\n<p>Le programme de bourses SCILLS sera propos\u00e9 aux particuliers et aux organismes \u00e0 but non lucratif \u00e9ligibles qui \u00e9tendent la port\u00e9e de la Fondation au-del\u00e0 de la communaut\u00e9 de chapitres et de SIG de l&rsquo;Internet Society.<\/p>\n\n\n\n<p>De plus, le programme SCILLS sollicitera non seulement des demandes de subvention \u00e0 l&rsquo;\u00e9chelle mondiale pour ceux qui r\u00e9pondent aux crit\u00e8res d\u00e9crits ci-dessus, mais la Fondation fournira \u00e9galement en 2020 des fonds pour soutenir les engagements suivants :<\/p>\n\n\n\n<ul class=\"wp-block-list\"><li>IGF Global<\/li><li>IGF R\u00e9gional, national et jeunesse<\/li><li>\u00c9coles de Gouvernance de l&rsquo;Internet&nbsp;<\/li><\/ul>\n\n\n\n<p>Les trois \u00e9l\u00e9ments ci-dessus \u00e9taient auparavant financ\u00e9s par l&rsquo;Internet Society.<\/p>\n<\/div>\n<\/div>\n\n\n\n<div class=\"wp-block-group alignwide has-background\" style=\"background-color:#cfd9e6\"><div class=\"wp-block-group__inner-container is-layout-flow wp-block-group-is-layout-flow\">\n<div class=\"wp-block-columns alignwide is-layout-flex wp-container-core-columns-is-layout-9d6595d7 wp-block-columns-is-layout-flex\">\n<div class=\"wp-block-column is-layout-flow wp-block-column-is-layout-flow\" style=\"flex-basis:33.33%\">\n<h2 class=\"wp-block-heading\"><strong>Recherche<\/strong><\/h2>\n<\/div>\n\n\n\n<div class=\"wp-block-column is-layout-flow wp-block-column-is-layout-flow\" style=\"flex-basis:66.66%\">\n<p>La recherche est un domaine de programme qui, selon tous, m\u00e9rite \u00e9galement une&nbsp;d\u00e9finition plus claire. C&rsquo;est pourquoi la Fondation rassemble un groupe diversifi\u00e9 d&rsquo;experts pour un colloque qui permettra d&rsquo;identifier dans quels domaines de recherche li\u00e9s \u00e0 Internet la Fondation devrait investir.<\/p>\n\n\n\n<p>\u00c0 la fin du colloque, la Fondation restreindra la d\u00e9finition du financement de la recherche, commencera \u00e0 identifier les candidats \u00e9ligibles et se pr\u00e9parera \u00e0 lancer un appel \u00e0 candidatures.<\/p>\n\n\n\n<p>D\u00e9finition actuelle :\u00a0<em>Possibilit\u00e9s de financer la recherche et de renforcer la capacit\u00e9 de recherche sur des sujets techniques, \u00e9conomiques et d&rsquo;affaires publiques.<\/em><\/p>\n<\/div>\n<\/div>\n<\/div><\/div>\n\n\n\n<div style=\"height:20px\" aria-hidden=\"true\" class=\"wp-block-spacer\"><\/div>\n\n\n\n<div class=\"wp-block-group alignwide\"><div class=\"wp-block-group__inner-container is-layout-flow wp-block-group-is-layout-flow\">\n<div class=\"wp-block-columns alignwide is-layout-flex wp-container-core-columns-is-layout-9d6595d7 wp-block-columns-is-layout-flex\">\n<div class=\"wp-block-column is-layout-flow wp-block-column-is-layout-flow\" style=\"flex-basis:33.33%\">\n<h2 class=\"wp-block-heading\">Innovation<\/h2>\n<\/div>\n\n\n\n<div class=\"wp-block-column is-layout-flow wp-block-column-is-layout-flow\" style=\"flex-basis:66.66%\">\n<p>Le domaine de programme relatif \u00e0 l&rsquo;innovation n\u00e9cessite \u00e9galement des clarifications suppl\u00e9mentaires, et suivra probablement un mod\u00e8le similaire \u00e0 celui de la recherche. Cette question sera \u00e9galement trait\u00e9e par le biais d&rsquo;un colloque suivi d&rsquo;un appel \u00e0 candidatures.<\/p>\n\n\n\n<p>D\u00e9finition actuelle :<em>\u00a0Initiatives technologiques et technologies innovantes qui contribuent \u00e0 l&rsquo;Internet ouvert.<\/em><\/p>\n<\/div>\n<\/div>\n<\/div><\/div>\n\n\n\n<div class=\"wp-block-group alignwide has-background\" style=\"background-color:#cfd9e6\"><div class=\"wp-block-group__inner-container is-layout-flow wp-block-group-is-layout-flow\">\n<div class=\"wp-block-columns alignwide is-layout-flex wp-container-core-columns-is-layout-9d6595d7 wp-block-columns-is-layout-flex\">\n<div class=\"wp-block-column is-layout-flow wp-block-column-is-layout-flow\" style=\"flex-basis:33.33%\">\n<h2 class=\"wp-block-heading\"><strong>Catastrophe<\/strong><\/h2>\n<\/div>\n\n\n\n<div class=\"wp-block-column is-layout-flow wp-block-column-is-layout-flow\" style=\"flex-basis:66.66%\">\n<p>Le domaine de programme relatif aux catastrophes est un autre domaine d&rsquo;intervention essentiel pour la Fondation, et se concentrera tr\u00e8s probablement sur la cr\u00e9ation de communaut\u00e9s r\u00e9silientes aux catastrophes. &nbsp;Une strat\u00e9gie pour aborder ce domaine en vue d&rsquo;un financement par la Fondation devrait \u00eatre achev\u00e9e du d\u00e9but au milieu de l&rsquo;ann\u00e9e.<\/p>\n\n\n\n<p>D\u00e9finition actuelle :<em>\u00a0Soutien aux efforts des partenaires pour garantir que les communaut\u00e9s puissent \u00eatre reconnect\u00e9es rapidement apr\u00e8s des catastrophes naturelles.<\/em><\/p>\n<\/div>\n<\/div>\n<\/div><\/div>\n\n\n\n<div class=\"wp-block-group alignwide\"><div class=\"wp-block-group__inner-container is-layout-flow wp-block-group-is-layout-flow\">\n<div style=\"height:20px\" aria-hidden=\"true\" class=\"wp-block-spacer\"><\/div>\n\n\n\n<h2 class=\"has-text-color has-text-align-center wp-block-heading\" style=\"color:#02837d\">IETF LLC<\/h2>\n\n\n\n<p>La Fondation honorera son engagement de fournir 5 millions de dollars par an \u00e0 IETF Administration LLC dans le cadre de l&rsquo;engagement continu de l&rsquo;Internet Society\u00a0en faveur d&rsquo;une Internet Engineering Task Force (IETF) robuste.<\/p>\n<\/div><\/div>\n\n\n\n<div class=\"wp-block-group alignwide\"><div class=\"wp-block-group__inner-container is-layout-flow wp-block-group-is-layout-flow\">\n<div style=\"height:20px\" aria-hidden=\"true\" class=\"wp-block-spacer\"><\/div>\n\n\n\n<h2 class=\"has-text-color has-text-align-center wp-block-heading\" style=\"color:#02837d\">Image de marque de la Fondation<\/h2>\n\n\n\n<p>La Fondation compte int\u00e9grer tous les domaines de programmes au sein d&rsquo;une seule marque, se positionnant pour avoir un impact positif sur l&rsquo;humanit\u00e9 gr\u00e2ce \u00e0 un Internet ouvert, connect\u00e9 \u00e0 l&rsquo;\u00e9chelle mondiale, s\u00e9curis\u00e9 et digne de confiance.<\/p>\n\n\n\n<div class=\"wp-block-image\"><figure class=\"aligncenter size-large\"><img loading=\"lazy\" decoding=\"async\" width=\"902\" height=\"506\" src=\"https:\/\/www.isocfoundation.org\/wp-content\/uploads\/2019\/12\/ISOC-Foundation-Branding.png\" alt=\"the five program areas in ISOC Foundation branding\" class=\"wp-image-2217\" srcset=\"https:\/\/www.isocfoundation.org\/wp-content\/uploads\/2019\/12\/ISOC-Foundation-Branding.png 902w, https:\/\/www.isocfoundation.org\/wp-content\/uploads\/2019\/12\/ISOC-Foundation-Branding-300x168.png 300w, https:\/\/www.isocfoundation.org\/wp-content\/uploads\/2019\/12\/ISOC-Foundation-Branding-768x431.png 768w\" sizes=\"auto, (max-width: 902px) 100vw, 902px\" \/><\/figure><\/div>\n<\/div><\/div>\n\n\n\n<div class=\"wp-block-group alignwide\"><div class=\"wp-block-group__inner-container is-layout-flow wp-block-group-is-layout-flow\">\n<div style=\"height:20px\" aria-hidden=\"true\" class=\"wp-block-spacer\"><\/div>\n\n\n\n<h2 class=\"has-text-color has-text-align-center wp-block-heading\" style=\"color:#02837d\">Communications<\/h2>\n\n\n\n<p>La Fondation compte int\u00e9grer tous les domaines de programmes au sein d&rsquo;une seule marque, se positionnant pour avoir un impact positif sur l&rsquo;humanit\u00e9 gr\u00e2ce \u00e0 un Internet ouvert, connect\u00e9 \u00e0 l&rsquo;\u00e9chelle mondiale, s\u00e9curis\u00e9 et digne de confiance.<\/p>\n\n\n\n<p>Au cours de l&rsquo;exercice 2020, la Fondation s&rsquo;appuiera sur les activit\u00e9s de 2019 et mettra en \u0153uvre une campagne de communication strat\u00e9gique multim\u00e9dia comprenant des t\u00e9moignages issus de Beyond the Net et d&rsquo;autres domaines du programme de subventions d\u00e8s qu&rsquo;ils seront disponibles.<\/p>\n\n\n\n<p>Elle comprendra des publications sur les&nbsp;m\u00e9dias sociaux, des mises \u00e0 jour du site Web, des relations avec les m\u00e9dias, la participation aux conf\u00e9rences et \u00e0 des pr\u00e9sentations, qui seront identifi\u00e9es au fur et \u00e0 mesure. Ces communications cibleront \u00e0 la fois la communaut\u00e9 et le public externe, en se concentrant sur l&rsquo;IMPACT.&nbsp;&nbsp;<\/p>\n\n\n\n<p>Public :<\/p>\n\n\n\n<h3 class=\"wp-block-heading\"><strong>Communaut\u00e9<\/strong><\/h3>\n\n\n\n<ul class=\"wp-block-list\"><li>Fondation de l&rsquo;ISOC et Conseil d\u2019administration de l&rsquo;ISOC<\/li><li>Fondation de l&rsquo;ISOC et personnel de l&rsquo;ISOC<\/li><li>Panel d&rsquo;examen ind\u00e9pendant de la Fondation (groupe d&rsquo;environ 25 personnes qui examinera les demandes de subventions)<\/li><li>Comit\u00e9 de s\u00e9lection des moyennes et grandes bourses Beyond\u00a0the\u00a0Net<\/li><li>Communaut\u00e9 de l&rsquo;ISOC, notamment les chapitres, les individus et organisations membres,\u00a0entre autres<\/li><li>Leaders de la communaut\u00e9 Internet, notamment\u00a0IETF, IGF, IAB, IESG, IAOC, IANA, APNIC, ARIN, AFriNIC, ICANN, W3C, LACNIC, RIPE NCC, PIR et autres<\/li><\/ul>\n\n\n\n<h3 class=\"wp-block-heading\"><strong>Publics externes<\/strong><\/h3>\n\n\n\n<ul class=\"wp-block-list\"><li>B\u00e9n\u00e9ficiaires potentiels des cinq domaines de programmes<\/li><li>Organisations partenaires<\/li><li>M\u00e9dias technologiques ou d&rsquo;affaires<\/li><li>Influenceurs sur les m\u00e9dias sociaux<\/li><li>Bailleurs de fonds potentiels (lorsque la campagne de financement sera lanc\u00e9e)<\/li><\/ul>\n\n\n\n<h3 class=\"wp-block-heading\"><strong>Canaux via lesquels nous communiquerons nos messages<\/strong><\/h3>\n\n\n\n<ul class=\"wp-block-list\"><li>Publications sur le site Web<\/li><li>M\u00e9dias sociaux<\/li><li>Relations publiques<\/li><li>\u00c9v\u00e9nements<\/li><li>Conf\u00e9rences<\/li><\/ul>\n\n\n\n<p>La Fondation compte int\u00e9grer tous les domaines de programmes au sein d&rsquo;une seule marque, se positionnant pour avoir un impact positif sur l&rsquo;humanit\u00e9 gr\u00e2ce \u00e0 un Internet ouvert, connect\u00e9 \u00e0 l&rsquo;\u00e9chelle mondiale, s\u00e9curis\u00e9 et digne de confiance.<\/p>\n<\/div><\/div>\n\n\n\n<div class=\"wp-block-group alignwide\"><div class=\"wp-block-group__inner-container is-layout-flow wp-block-group-is-layout-flow\">\n<div style=\"height:20px\" aria-hidden=\"true\" class=\"wp-block-spacer\"><\/div>\n\n\n\n<h2 class=\"has-text-color has-text-align-center wp-block-heading\" style=\"color:#02837d\">Technologie<\/h2>\n\n\n\n<p>La Fondation a sign\u00e9 un accord avec\u00a0<a href=\"https:\/\/www.fluxx.io\/\">Fluxx<\/a>, notre partenaire de syst\u00e8me de gestion des bourses (GMS).\u00a0 Fluxx sera utilis\u00e9 comme GMS pour les cinq domaines de programmes de la Fondation. \u00a0<\/p>\n<\/div><\/div>\n\n\n\n<div class=\"wp-block-group alignwide\"><div class=\"wp-block-group__inner-container is-layout-flow wp-block-group-is-layout-flow\">\n<div style=\"height:20px\" aria-hidden=\"true\" class=\"wp-block-spacer\"><\/div>\n\n\n\n<h2 class=\"has-text-color has-text-align-center wp-block-heading\" style=\"color:#02837d\">Recrutement<\/h2>\n\n\n\n<p>L&rsquo;organigramme de la Fondation comprendra les \u00e9l\u00e9ments illustr\u00e9s ci-dessous.\u00a0 Les cases bleues repr\u00e9sentent le personnel, les cases grises repr\u00e9sentent les domaines d&rsquo;assistance en provenance de l&rsquo;Internet Society et du Conseil d\u2019administration.<\/p>\n\n\n\n<figure class=\"wp-block-image size-large\"><img loading=\"lazy\" decoding=\"async\" width=\"1024\" height=\"348\" src=\"https:\/\/www.isocfoundation.org\/wp-content\/uploads\/2019\/12\/ISOC-Foundation-Staffing-2020-1024x348.png\" alt=\"organizational chart for ISOC Foundation in 2020\" class=\"wp-image-2222\" srcset=\"https:\/\/www.isocfoundation.org\/wp-content\/uploads\/2019\/12\/ISOC-Foundation-Staffing-2020-1024x348.png 1024w, https:\/\/www.isocfoundation.org\/wp-content\/uploads\/2019\/12\/ISOC-Foundation-Staffing-2020-300x102.png 300w, https:\/\/www.isocfoundation.org\/wp-content\/uploads\/2019\/12\/ISOC-Foundation-Staffing-2020-768x261.png 768w, https:\/\/www.isocfoundation.org\/wp-content\/uploads\/2019\/12\/ISOC-Foundation-Staffing-2020.png 1043w\" sizes=\"auto, (max-width: 1024px) 100vw, 1024px\" \/><\/figure>\n<\/div><\/div>\n\n\n\n<div class=\"wp-block-group alignwide\"><div class=\"wp-block-group__inner-container is-layout-flow wp-block-group-is-layout-flow\">\n<div style=\"height:20px\" aria-hidden=\"true\" class=\"wp-block-spacer\"><\/div>\n\n\n\n<h2 class=\"has-text-color has-text-align-center wp-block-heading\" style=\"color:#02837d\">Strat\u00e9gie de formation<\/h2>\n\n\n\n<p>Les b\u00e9n\u00e9ficiaires de financements (chapitres&nbsp;Internet Society, organismes \u00e0 but non lucratif ou particuliers) ont fortement besoin de recevoir une formation dans au moins trois domaines en 2020 :<\/p>\n\n\n\n<ol class=\"wp-block-list\" type=\"1\"><li>Comment faire une demande de subvention, notamment comment r\u00e9diger et pr\u00e9senter une demande.<\/li><li>Comment d\u00e9terminer si un programme a un impact (comment est-il mesur\u00e9 ?), quels \u00e9l\u00e9ments doivent \u00eatre communiqu\u00e9s&nbsp;comme une r\u00e9ussite<\/li><li>Comment d\u00e9velopper une strat\u00e9gie de durabilit\u00e9 du programme.<\/li><\/ol>\n\n\n\n<p>La Fondation d\u00e9veloppera une strat\u00e9gie de formation dans tous ces domaines et bien d&rsquo;autres. Ces formations seront probablement rendues disponibles sous forme de vid\u00e9os sur iscofoundation.org avec une campagne de communication g\u00e9n\u00e9rant du trafic vers les modules cr\u00e9\u00e9s. Certaines formations en personne pourront \u00eatre organis\u00e9es le cas \u00e9ch\u00e9ant.<\/p>\n<\/div><\/div>\n\n\n\n<div class=\"wp-block-group alignwide\"><div class=\"wp-block-group__inner-container is-layout-flow wp-block-group-is-layout-flow\">\n<div style=\"height:20px\" aria-hidden=\"true\" class=\"wp-block-spacer\"><\/div>\n\n\n\n<h2 class=\"has-text-color has-text-align-center wp-block-heading\" style=\"color:#02837d\">Int\u00e9gration aux priorit\u00e9s de l&rsquo;Internet Society<\/h2>\n\n\n\n<p>Comme la Fondation est align\u00e9e sur la mission de l&rsquo;Internet Society, notre objectif est de collaborer avec les responsables des projets identifi\u00e9s pour le&nbsp;<a href=\"https:\/\/www.internetsociety.org\/action-plan\/2020\/\">Plan d&rsquo;action 2020 de l&rsquo;Internet Society<\/a>&nbsp;:<\/p>\n\n\n\n<ul class=\"wp-block-list\"><li>Promouvoir le mode de fonctionnement du r\u00e9seau Internet<\/li><li>\u00c9tendre le chiffrement<\/li><li>S\u00e9curiser le routage mondial<\/li><li>Augmenter la s\u00e9curit\u00e9 de synchronisation<\/li><li>Pr\u00eacher par l&rsquo;exemple avec des normes et des protocoles ouverts<\/li><li>Promouvoir les r\u00e9seaux communautaires<\/li><li>Impliquer les communaut\u00e9s techniques et op\u00e9rationnelles<\/li><li>Mesurer l&rsquo;Internet<\/li><\/ul>\n\n\n\n<p>La Fondation examinera comment aider \u00e0 faire \u00e9voluer et \u00e0 compl\u00e9ter tout ou partie des projets ci-dessus pour d\u00e9terminer lesquels correspondent le mieux aux objectifs des domaines de programme de la Fondation.<\/p>\n<\/div><\/div>\n\n\n\n<div class=\"wp-block-group alignwide\"><div class=\"wp-block-group__inner-container is-layout-flow wp-block-group-is-layout-flow\">\n<div style=\"height:20px\" aria-hidden=\"true\" class=\"wp-block-spacer\"><\/div>\n\n\n\n<h2 class=\"has-text-color has-text-align-center wp-block-heading\" style=\"color:#02837d\">Budget<\/h2>\n\n\n\n<p>Le budget de fonctionnement 2020 de la Fondation comprend la contribution annuelle du Registre d&rsquo;int\u00e9r\u00eat public (PIR) de 23,9 M $ moins la contribution annuelle de la Fondation \u00e0 l&rsquo;Internet Engineering Task Force (IETF) de 5 M $ et d&rsquo;autres frais de personnel et d&rsquo;exploitation, comme indiqu\u00e9 ci-dessus.\u00a0 Tous les co\u00fbts du budget sont destin\u00e9s \u00e0 soutenir la croissance, la port\u00e9e et l&rsquo;impact de la Fondation dans sa deuxi\u00e8me ann\u00e9e de fonctionnement.<\/p>\n<\/div><\/div>\n\n\n\n<div class=\"wp-block-image\"><figure class=\"aligncenter size-medium\"><img loading=\"lazy\" decoding=\"async\" width=\"300\" height=\"295\" src=\"https:\/\/www.isocfoundation.org\/wp-content\/uploads\/2019\/12\/ISOC-Foundation-Budget-2020-300x295.png\" alt=\"Foundation budget for 2020\" class=\"wp-image-2226\" srcset=\"https:\/\/www.isocfoundation.org\/wp-content\/uploads\/2019\/12\/ISOC-Foundation-Budget-2020-300x295.png 300w, https:\/\/www.isocfoundation.org\/wp-content\/uploads\/2019\/12\/ISOC-Foundation-Budget-2020.png 387w\" sizes=\"auto, (max-width: 300px) 100vw, 300px\" \/><\/figure><\/div>\n\n\n\n<p>Le solde des fonds d\u00e9sign\u00e9s par le conseil d&rsquo;administration\u00a0\u00e0 fin 2019 est estim\u00e9 \u00e0 4,334 M $. Le conseil d&rsquo;administration a approuv\u00e9 l&rsquo;allocation de 1 M $ suppl\u00e9mentaire aux bourses SCILLS\u00a0et de capacit\u00e9 des chapitres pour soutenir le plan d&rsquo;action de la Fondation.<\/p>\n\n\n\n<figure class=\"wp-block-image size-large\"><img loading=\"lazy\" decoding=\"async\" width=\"993\" height=\"424\" src=\"https:\/\/www.isocfoundation.org\/wp-content\/uploads\/2019\/12\/ISOC-Foundation-Budget-2019.png\" alt=\"\" class=\"wp-image-2229\" srcset=\"https:\/\/www.isocfoundation.org\/wp-content\/uploads\/2019\/12\/ISOC-Foundation-Budget-2019.png 993w, https:\/\/www.isocfoundation.org\/wp-content\/uploads\/2019\/12\/ISOC-Foundation-Budget-2019-300x128.png 300w, https:\/\/www.isocfoundation.org\/wp-content\/uploads\/2019\/12\/ISOC-Foundation-Budget-2019-768x328.png 768w\" sizes=\"auto, (max-width: 993px) 100vw, 993px\" \/><\/figure>\n","protected":false},"excerpt":{"rendered":"<p>L&rsquo;Internet Society&nbsp;a cr\u00e9\u00e9 la Fondation Internet Society (la Fondation) pour financer des projets qui am\u00e9lioreront la qualit\u00e9 de vie des populations du monde entier. La Fondation octroie des bourses&nbsp;aux chapitres de l&rsquo;Internet Society, aux&nbsp;groupes d&rsquo;int\u00e9r\u00eat sp\u00e9cial ainsi qu&rsquo;\u00e0 des particuliers et \u00e0 des organisations \u00e0 but non lucratif qui se consacrent \u00e0 offrir un acc\u00e8s&hellip;<\/p>\n","protected":false},"author":2,"featured_media":0,"parent":3596,"menu_order":0,"comment_status":"closed","ping_status":"closed","template":"","meta":{"footnotes":""},"class_list":["post-3589","page","type-page","status-publish","hentry"],"yoast_head":"<!-- This site is optimized with the Yoast SEO plugin v27.3 - https:\/\/yoast.com\/product\/yoast-seo-wordpress\/ -->\n<title>Plan d&#039;Action 2020 | Internet Society Foundation<\/title>\n<meta name=\"robots\" content=\"index, follow, max-snippet:-1, max-image-preview:large, max-video-preview:-1\" \/>\n<link rel=\"canonical\" href=\"https:\/\/www.isocfoundation.org\/fr\/plan-daction\/plan-daction-2020\/\" \/>\n<meta property=\"og:locale\" content=\"fr_FR\" \/>\n<meta property=\"og:type\" content=\"article\" \/>\n<meta property=\"og:title\" content=\"Plan d&#039;Action 2020 | Internet Society Foundation\" \/>\n<meta property=\"og:description\" content=\"L&rsquo;Internet Society&nbsp;a cr\u00e9\u00e9 la Fondation Internet Society (la Fondation) pour financer des projets qui am\u00e9lioreront la qualit\u00e9 de vie des populations du monde entier. La Fondation octroie des bourses&nbsp;aux chapitres de l&rsquo;Internet Society, aux&nbsp;groupes d&rsquo;int\u00e9r\u00eat sp\u00e9cial ainsi qu&rsquo;\u00e0 des particuliers et \u00e0 des organisations \u00e0 but non lucratif qui se consacrent \u00e0 offrir un acc\u00e8s&hellip;\" \/>\n<meta property=\"og:url\" content=\"https:\/\/www.isocfoundation.org\/fr\/plan-daction\/plan-daction-2020\/\" \/>\n<meta property=\"og:site_name\" content=\"Internet Society Foundation\" \/>\n<meta property=\"article:modified_time\" content=\"2020-07-03T15:52:34+00:00\" \/>\n<meta property=\"og:image\" content=\"https:\/\/www.isocfoundation.org\/wp-content\/uploads\/2019\/12\/ISOC-Foundation-Branding.png\" \/>\n<meta name=\"twitter:card\" content=\"summary_large_image\" \/>\n<meta name=\"twitter:site\" content=\"@ISOC_Foundation\" \/>\n<meta name=\"twitter:label1\" content=\"Dur\u00e9e de lecture estim\u00e9e\" \/>\n\t<meta name=\"twitter:data1\" content=\"11 minutes\" \/>\n<script type=\"application\/ld+json\" class=\"yoast-schema-graph\">{\"@context\":\"https:\\\/\\\/schema.org\",\"@graph\":[{\"@type\":\"WebPage\",\"@id\":\"https:\\\/\\\/www.isocfoundation.org\\\/fr\\\/plan-daction\\\/plan-daction-2020\\\/\",\"url\":\"https:\\\/\\\/www.isocfoundation.org\\\/fr\\\/plan-daction\\\/plan-daction-2020\\\/\",\"name\":\"Plan d'Action 2020 | Internet Society Foundation\",\"isPartOf\":{\"@id\":\"https:\\\/\\\/www.isocfoundation.org\\\/#website\"},\"primaryImageOfPage\":{\"@id\":\"https:\\\/\\\/www.isocfoundation.org\\\/fr\\\/plan-daction\\\/plan-daction-2020\\\/#primaryimage\"},\"image\":{\"@id\":\"https:\\\/\\\/www.isocfoundation.org\\\/fr\\\/plan-daction\\\/plan-daction-2020\\\/#primaryimage\"},\"thumbnailUrl\":\"https:\\\/\\\/www.isocfoundation.org\\\/wp-content\\\/uploads\\\/2019\\\/12\\\/ISOC-Foundation-Branding.png\",\"datePublished\":\"2020-07-03T15:23:03+00:00\",\"dateModified\":\"2020-07-03T15:52:34+00:00\",\"breadcrumb\":{\"@id\":\"https:\\\/\\\/www.isocfoundation.org\\\/fr\\\/plan-daction\\\/plan-daction-2020\\\/#breadcrumb\"},\"inLanguage\":\"fr-FR\",\"potentialAction\":[{\"@type\":\"ReadAction\",\"target\":[\"https:\\\/\\\/www.isocfoundation.org\\\/fr\\\/plan-daction\\\/plan-daction-2020\\\/\"]}]},{\"@type\":\"ImageObject\",\"inLanguage\":\"fr-FR\",\"@id\":\"https:\\\/\\\/www.isocfoundation.org\\\/fr\\\/plan-daction\\\/plan-daction-2020\\\/#primaryimage\",\"url\":\"https:\\\/\\\/www.isocfoundation.org\\\/wp-content\\\/uploads\\\/2019\\\/12\\\/ISOC-Foundation-Branding.png\",\"contentUrl\":\"https:\\\/\\\/www.isocfoundation.org\\\/wp-content\\\/uploads\\\/2019\\\/12\\\/ISOC-Foundation-Branding.png\"},{\"@type\":\"BreadcrumbList\",\"@id\":\"https:\\\/\\\/www.isocfoundation.org\\\/fr\\\/plan-daction\\\/plan-daction-2020\\\/#breadcrumb\",\"itemListElement\":[{\"@type\":\"ListItem\",\"position\":1,\"name\":\"Home\",\"item\":\"https:\\\/\\\/www.isocfoundation.org\\\/fr\\\/\"},{\"@type\":\"ListItem\",\"position\":2,\"name\":\"Plan d&#8217;action\",\"item\":\"https:\\\/\\\/www.isocfoundation.org\\\/fr\\\/plan-daction\\\/\"},{\"@type\":\"ListItem\",\"position\":3,\"name\":\"Plan d&#8217;Action 2020\"}]},{\"@type\":\"WebSite\",\"@id\":\"https:\\\/\\\/www.isocfoundation.org\\\/#website\",\"url\":\"https:\\\/\\\/www.isocfoundation.org\\\/\",\"name\":\"Internet Society Foundation\",\"description\":\"The Internet transforms lives\",\"publisher\":{\"@id\":\"https:\\\/\\\/www.isocfoundation.org\\\/#organization\"},\"potentialAction\":[{\"@type\":\"SearchAction\",\"target\":{\"@type\":\"EntryPoint\",\"urlTemplate\":\"https:\\\/\\\/www.isocfoundation.org\\\/?s={search_term_string}\"},\"query-input\":{\"@type\":\"PropertyValueSpecification\",\"valueRequired\":true,\"valueName\":\"search_term_string\"}}],\"inLanguage\":\"fr-FR\"},{\"@type\":\"Organization\",\"@id\":\"https:\\\/\\\/www.isocfoundation.org\\\/#organization\",\"name\":\"Internet Society Foundation\",\"url\":\"https:\\\/\\\/www.isocfoundation.org\\\/\",\"logo\":{\"@type\":\"ImageObject\",\"inLanguage\":\"fr-FR\",\"@id\":\"https:\\\/\\\/www.isocfoundation.org\\\/#\\\/schema\\\/logo\\\/image\\\/\",\"url\":\"https:\\\/\\\/www.isocfoundation.org\\\/wp-content\\\/uploads\\\/2019\\\/02\\\/internet-society-foundation.jpg\",\"contentUrl\":\"https:\\\/\\\/www.isocfoundation.org\\\/wp-content\\\/uploads\\\/2019\\\/02\\\/internet-society-foundation.jpg\",\"width\":1200,\"height\":630,\"caption\":\"Internet Society Foundation\"},\"image\":{\"@id\":\"https:\\\/\\\/www.isocfoundation.org\\\/#\\\/schema\\\/logo\\\/image\\\/\"},\"sameAs\":[\"https:\\\/\\\/x.com\\\/ISOC_Foundation\"]}]}<\/script>\n<!-- \/ Yoast SEO plugin. -->","yoast_head_json":{"title":"Plan d'Action 2020 | Internet Society Foundation","robots":{"index":"index","follow":"follow","max-snippet":"max-snippet:-1","max-image-preview":"max-image-preview:large","max-video-preview":"max-video-preview:-1"},"canonical":"https:\/\/www.isocfoundation.org\/fr\/plan-daction\/plan-daction-2020\/","og_locale":"fr_FR","og_type":"article","og_title":"Plan d'Action 2020 | Internet Society Foundation","og_description":"L&rsquo;Internet Society&nbsp;a cr\u00e9\u00e9 la Fondation Internet Society (la Fondation) pour financer des projets qui am\u00e9lioreront la qualit\u00e9 de vie des populations du monde entier. La Fondation octroie des bourses&nbsp;aux chapitres de l&rsquo;Internet Society, aux&nbsp;groupes d&rsquo;int\u00e9r\u00eat sp\u00e9cial ainsi qu&rsquo;\u00e0 des particuliers et \u00e0 des organisations \u00e0 but non lucratif qui se consacrent \u00e0 offrir un acc\u00e8s&hellip;","og_url":"https:\/\/www.isocfoundation.org\/fr\/plan-daction\/plan-daction-2020\/","og_site_name":"Internet Society Foundation","article_modified_time":"2020-07-03T15:52:34+00:00","og_image":[{"url":"https:\/\/www.isocfoundation.org\/wp-content\/uploads\/2019\/12\/ISOC-Foundation-Branding.png","type":"","width":"","height":""}],"twitter_card":"summary_large_image","twitter_site":"@ISOC_Foundation","twitter_misc":{"Dur\u00e9e de lecture estim\u00e9e":"11 minutes"},"schema":{"@context":"https:\/\/schema.org","@graph":[{"@type":"WebPage","@id":"https:\/\/www.isocfoundation.org\/fr\/plan-daction\/plan-daction-2020\/","url":"https:\/\/www.isocfoundation.org\/fr\/plan-daction\/plan-daction-2020\/","name":"Plan d'Action 2020 | Internet Society Foundation","isPartOf":{"@id":"https:\/\/www.isocfoundation.org\/#website"},"primaryImageOfPage":{"@id":"https:\/\/www.isocfoundation.org\/fr\/plan-daction\/plan-daction-2020\/#primaryimage"},"image":{"@id":"https:\/\/www.isocfoundation.org\/fr\/plan-daction\/plan-daction-2020\/#primaryimage"},"thumbnailUrl":"https:\/\/www.isocfoundation.org\/wp-content\/uploads\/2019\/12\/ISOC-Foundation-Branding.png","datePublished":"2020-07-03T15:23:03+00:00","dateModified":"2020-07-03T15:52:34+00:00","breadcrumb":{"@id":"https:\/\/www.isocfoundation.org\/fr\/plan-daction\/plan-daction-2020\/#breadcrumb"},"inLanguage":"fr-FR","potentialAction":[{"@type":"ReadAction","target":["https:\/\/www.isocfoundation.org\/fr\/plan-daction\/plan-daction-2020\/"]}]},{"@type":"ImageObject","inLanguage":"fr-FR","@id":"https:\/\/www.isocfoundation.org\/fr\/plan-daction\/plan-daction-2020\/#primaryimage","url":"https:\/\/www.isocfoundation.org\/wp-content\/uploads\/2019\/12\/ISOC-Foundation-Branding.png","contentUrl":"https:\/\/www.isocfoundation.org\/wp-content\/uploads\/2019\/12\/ISOC-Foundation-Branding.png"},{"@type":"BreadcrumbList","@id":"https:\/\/www.isocfoundation.org\/fr\/plan-daction\/plan-daction-2020\/#breadcrumb","itemListElement":[{"@type":"ListItem","position":1,"name":"Home","item":"https:\/\/www.isocfoundation.org\/fr\/"},{"@type":"ListItem","position":2,"name":"Plan d&#8217;action","item":"https:\/\/www.isocfoundation.org\/fr\/plan-daction\/"},{"@type":"ListItem","position":3,"name":"Plan d&#8217;Action 2020"}]},{"@type":"WebSite","@id":"https:\/\/www.isocfoundation.org\/#website","url":"https:\/\/www.isocfoundation.org\/","name":"Internet Society Foundation","description":"The Internet transforms lives","publisher":{"@id":"https:\/\/www.isocfoundation.org\/#organization"},"potentialAction":[{"@type":"SearchAction","target":{"@type":"EntryPoint","urlTemplate":"https:\/\/www.isocfoundation.org\/?s={search_term_string}"},"query-input":{"@type":"PropertyValueSpecification","valueRequired":true,"valueName":"search_term_string"}}],"inLanguage":"fr-FR"},{"@type":"Organization","@id":"https:\/\/www.isocfoundation.org\/#organization","name":"Internet Society Foundation","url":"https:\/\/www.isocfoundation.org\/","logo":{"@type":"ImageObject","inLanguage":"fr-FR","@id":"https:\/\/www.isocfoundation.org\/#\/schema\/logo\/image\/","url":"https:\/\/www.isocfoundation.org\/wp-content\/uploads\/2019\/02\/internet-society-foundation.jpg","contentUrl":"https:\/\/www.isocfoundation.org\/wp-content\/uploads\/2019\/02\/internet-society-foundation.jpg","width":1200,"height":630,"caption":"Internet Society Foundation"},"image":{"@id":"https:\/\/www.isocfoundation.org\/#\/schema\/logo\/image\/"},"sameAs":["https:\/\/x.com\/ISOC_Foundation"]}]}},"_links":{"self":[{"href":"https:\/\/www.isocfoundation.org\/fr\/wp-json\/wp\/v2\/pages\/3589","targetHints":{"allow":["GET"]}}],"collection":[{"href":"https:\/\/www.isocfoundation.org\/fr\/wp-json\/wp\/v2\/pages"}],"about":[{"href":"https:\/\/www.isocfoundation.org\/fr\/wp-json\/wp\/v2\/types\/page"}],"author":[{"embeddable":true,"href":"https:\/\/www.isocfoundation.org\/fr\/wp-json\/wp\/v2\/users\/2"}],"replies":[{"embeddable":true,"href":"https:\/\/www.isocfoundation.org\/fr\/wp-json\/wp\/v2\/comments?post=3589"}],"version-history":[{"count":0,"href":"https:\/\/www.isocfoundation.org\/fr\/wp-json\/wp\/v2\/pages\/3589\/revisions"}],"up":[{"embeddable":true,"href":"https:\/\/www.isocfoundation.org\/fr\/wp-json\/wp\/v2\/pages\/3596"}],"wp:attachment":[{"href":"https:\/\/www.isocfoundation.org\/fr\/wp-json\/wp\/v2\/media?parent=3589"}],"curies":[{"name":"wp","href":"https:\/\/api.w.org\/{rel}","templated":true}]}}